{"id":68010,"date":"2024-07-25T11:00:09","date_gmt":"2024-07-25T15:00:09","guid":{"rendered":"https:\/\/www.polycor.com\/projects\/siege-social-cera\/"},"modified":"2024-11-15T12:41:20","modified_gmt":"2024-11-15T17:41:20","slug":"siege-social-cera","status":"publish","type":"projects","link":"https:\/\/dev2.polycor.com\/fr\/projets-fr\/siege-social-cera\/","title":{"rendered":"Si\u00e8ge social CERA"},"content":{"rendered":"\n<div class=\"wp-block-cover alignfull is-light\"><span aria-hidden=\"true\" class=\"wp-block-cover__background has-background-dim-100 has-background-dim has-background-gradient has-black-max-30-opacity-gradient-background\" style=\"background-color:#9e918e\"><\/span><img loading=\"lazy\" decoding=\"async\" width=\"2400\" height=\"1530\" src=\"https:\/\/dev2.polycor.com\/wp-content\/uploads\/2024\/07\/Banque-CERA-a-Bruxelles-pierre-Comblanchien-Photographe-Simon-Van-Ranst-2-scaled-2.jpg\" class=\"wp-block-cover__image-background wp-post-image\" alt=\"\" data-object-fit=\"cover\" srcset=\"https:\/\/dev2.polycor.com\/wp-content\/uploads\/2024\/07\/Banque-CERA-a-Bruxelles-pierre-Comblanchien-Photographe-Simon-Van-Ranst-2-scaled-2.jpg 2400w, https:\/\/dev2.polycor.com\/wp-content\/uploads\/2024\/07\/Banque-CERA-a-Bruxelles-pierre-Comblanchien-Photographe-Simon-Van-Ranst-2-scaled-2-300x191.jpg 300w, https:\/\/dev2.polycor.com\/wp-content\/uploads\/2024\/07\/Banque-CERA-a-Bruxelles-pierre-Comblanchien-Photographe-Simon-Van-Ranst-2-scaled-2-1024x653.jpg 1024w, https:\/\/dev2.polycor.com\/wp-content\/uploads\/2024\/07\/Banque-CERA-a-Bruxelles-pierre-Comblanchien-Photographe-Simon-Van-Ranst-2-scaled-2-1024x653.jpg 768w, https:\/\/dev2.polycor.com\/wp-content\/uploads\/2024\/07\/Banque-CERA-a-Bruxelles-pierre-Comblanchien-Photographe-Simon-Van-Ranst-2-scaled-2-1536x979.jpg 1536w, https:\/\/dev2.polycor.com\/wp-content\/uploads\/2024\/07\/Banque-CERA-a-Bruxelles-pierre-Comblanchien-Photographe-Simon-Van-Ranst-2-scaled-2-2048x1306.jpg 2048w, https:\/\/dev2.polycor.com\/wp-content\/uploads\/2024\/07\/Banque-CERA-a-Bruxelles-pierre-Comblanchien-Photographe-Simon-Van-Ranst-2-scaled-2-1024x653.jpg 600w\" sizes=\"auto, (max-width: 2400px) 100vw, 2400px\" \/><div class=\"wp-block-cover__inner-container is-layout-flow wp-block-cover-is-layout-flow\">\n<h4 class=\"wp-block-heading has-text-align-center is-style-subtitle-uppercase has-theme-palette-1-color has-text-color\">Tertiaire<\/h4>\n\n\n\n<h1 class=\"wp-block-heading has-text-align-center has-theme-palette-9-color has-text-color\">Banque CERA, coop\u00e9rative financi\u00e8re<\/h1>\n\n\n\n<p class=\"has-text-align-center has-theme-palette-9-color has-text-color has-link-color has-xxlarge-font-size wp-elements-5ca6be2fdc5e9c3c2054b5e7c1b0fdf8\"><strong>Leuven, Belgique<\/strong><\/p>\n\n\n\n<hr class=\"wp-block-separator has-alpha-channel-opacity is-style-yellow-line-horizontal\"\/>\n<\/div><\/div>\n\n\n\t\t        <div id=\"if-dynamic-cards-wrapper-7ee29353-269b-4eb9-9d66-b57daba0ff29-all\" class='if-dynamic-cards-wrapper template-cards-related-stones-cards  if-dynamic-cards-no-slider  template-display-column-4 if-dynamic-cards-7ee29353-269b-4eb9-9d66-b57daba0ff29-all if-dynamic-cards-7ee29353-269b-4eb9-9d66-b57daba0ff29' data-uid=\"7ee29353-269b-4eb9-9d66-b57daba0ff29-all\">\n\n\t\t\t                <div class=\"if-dynamic-cards-content-wrapper\">\n                    <div class=\"if-dynamic-cards-content \">\n\n                        \n\t\t\t\t\t\t\r\n<div class=\"if-dynamic-card-wrapper if-dynamic-cards-wrapper-card-type-stones\" data-post_type=\"stones\">\r\n\t<a href=\"https:\/\/dev2.polycor.com\/fr\/pierres\/pierre-de-rocherons-dore-clair\/\" class=\"if-dynamic-card card-type-stones\" data-post_type=\"stones\" >\r\n\t\t<div class=\"if-dynamic-card-header\" style=\"background-image: url(&#039;https:\/\/dev2.polycor.com\/wp-content\/uploads\/2024\/10\/ROCHERONS-DORE-CLAIR_HD1600x1600-768x768.jpg&#039;);\"><\/div>\r\n\t\t<div class=\"if-dynamic-card-content\">\r\n\t\t\t<h4 class=\"if-dynamic-card-title\">Rocherons Dor\u00e9 Clair\u2122<\/h4>\r\n\t\t<\/div>\r\n\t<\/a>\r\n<\/div>\r\n\t\t\t\t\t\t                    <\/div>\n                <\/div>\n\t\t\t\t\t\t\t            <div class=\"wp-block-columns if-dynamic-cards-loadmore-wrapper\" style=\"display: none;\">\n                <button class=\"if-dynamic-cards-loadmore-button\" data-taxonomies=\"stone_tags\" data-search_include=\"stone_tags:pierre-de-rocherons-dore-clair\" data-search_exclude=\"\" data-nonce=\"2d81cac993\" data-uid=\"7ee29353-269b-4eb9-9d66-b57daba0ff29-all\" data-template=\"template-cards-related-stones-cards\" data-paged=\"1\" data-sort=\"desc\" data-block=\"{&quot;post_type&quot;:[&quot;stones&quot;],&quot;post_status&quot;:&quot;publish&quot;,&quot;posts_per_page&quot;:4,&quot;tax_query&quot;:{&quot;relation&quot;:&quot;OR&quot;,&quot;0&quot;:{&quot;taxonomy&quot;:&quot;stone_tags&quot;,&quot;field&quot;:&quot;slug&quot;,&quot;terms&quot;:[&quot;pierre-de-rocherons-dore-clair&quot;],&quot;operator&quot;:&quot;IN&quot;}},&quot;paged&quot;:1,&quot;post__not_in&quot;:[0]}\">En Voir Plus<\/button>\n            <\/div>\n        <\/div>\n\t\t\n\n\n<div class=\"wp-block-columns is-layout-flex wp-container-core-columns-is-layout-9d6595d7 wp-block-columns-is-layout-flex\">\n<div class=\"wp-block-column is-layout-flow wp-block-column-is-layout-flow\" style=\"flex-basis:25%\"><\/div>\n\n\n\n<div class=\"wp-block-column is-layout-flow wp-block-column-is-layout-flow\" style=\"flex-basis:50%\">\n<p>\u00c0 Louvain, en Belgique, les architectes de Robbrecht en Daem architecten et d\u2019Archipelago architects ont con\u00e7u un b\u00e2timent accueillant le si\u00e8ge social de Cera, coop\u00e9rative financi\u00e8re, ainsi que sa collection d\u2019art contemporain.<\/p>\n\n\n\n<p>Le mat\u00e9riau principal utilis\u00e9 pour les surfaces est la <b>pierre de&nbsp;Rocherons<\/b>. Ce calcaire naturel, commercialis\u00e9 par Polycor, a \u00e9t\u00e9 trait\u00e9 soigneusement, la finition adoucie et son grain fin permet d\u2019en sublimer le potentiel : qu\u2019il s\u2019agisse des textures, et des combinaisons d\u2019appareillages en fa\u00e7ade, des grands aplats liss\u00e9s faisant glisser la lumi\u00e8re. La pierre de Rocherons se pr\u00eate ici admirablement \u00e0 l\u2019int\u00e9gration d\u2019un b\u00e2timent de grande envergure dans un contexte urbain exigeant et d\u00e9licat.<\/p>\n\n\n\n<p>Durant la c\u00e9r\u00e9monie des RES Awards 2019, le si\u00e8ge CERA a remport\u00e9 le premier prix dans la cat\u00e9gorie &lsquo;Meilleur Projet d&rsquo;Investisseurs Institutionnels\u00a0\u00bb.<\/p>\n\n\n\n<blockquote class=\"wp-block-quote is-layout-flow wp-block-quote-is-layout-flow\">\n<p>\u00ab\u00a0Les diff\u00e9rents caract\u00e8res des b\u00e2timents existants et nouvellement \u00e9rig\u00e9s sur le site peuvent \u00eatre clairement distingu\u00e9s. Le projet pr\u00e9serve et renforce une certaine trinit\u00e9 avec le b\u00e2timent n\u00e9o-gothique Hellepute, l\u2019H\u00f4tel d\u2019Eynatten du XVIIIe si\u00e8cle et le nouveau b\u00e2timent du coin &#8211; chacun avec son caract\u00e8re et son atmosph\u00e8re sp\u00e9cifiques, et son propre espace int\u00e9rieur ou patio. Les deux b\u00e2timents historiques du site ont fait l&rsquo;objet d&rsquo;une refonte compl\u00e8te, ce qui a \u00e9t\u00e9 possible gr\u00e2ce \u00e0 une restauration m\u00fbrement r\u00e9fl\u00e9chie. Le nouveau design montre un b\u00e2timent avec sa propre identit\u00e9 contemporaine, qui \u00e9vite la confrontation avec ses voisins historiques.\u00a0\u00bb<\/p>\n<\/blockquote>\n\n\n\n<div class=\"wp-block-columns is-layout-flex wp-container-core-columns-is-layout-9d6595d7 wp-block-columns-is-layout-flex\">\n<div class=\"wp-block-column is-layout-flow wp-block-column-is-layout-flow\" style=\"flex-basis:20%\"><\/div>\n\n\n\n<div class=\"wp-block-column is-vertically-aligned-center is-layout-flow wp-block-column-is-layout-flow\" style=\"flex-basis:50%\">\n<p>Robbrecht and Daem Architects<\/p>\n<\/div>\n<\/div>\n<\/div>\n\n\n\n<div class=\"wp-block-column is-layout-flow wp-block-column-is-layout-flow\" style=\"flex-basis:25%\"><\/div>\n<\/div>\n\n\n\n<div style=\"height:100px\" aria-hidden=\"true\" class=\"wp-block-spacer\"><\/div>\n\n\n\n<div class=\"wp-block-group is-style-yellow-line-vertical--left\"><div class=\"wp-block-group__inner-container is-layout-constrained wp-block-group-is-layout-constrained\">\n<h4 class=\"wp-block-heading is-style-subtitle-uppercase has-theme-palette-1-color has-text-color\">Ressources<\/h4>\n\n\n\n<h2 class=\"wp-block-heading\">Galerie<\/h2>\n<\/div><\/div>\n\n\n<div class=\"if-blocks-masonry-gallery-wrapper flickity-loading\">\r\n            <div class=\"if-blocks-masonry-gallery-group\">\r\n\t        <img loading=\"lazy\" decoding=\"async\" width=\"877\" height=\"1024\" src=\"https:\/\/dev2.polycor.com\/wp-content\/uploads\/2024\/07\/04-Banque-CERA-HQ-pierre-de-comblanchien-ROCAMAT-Photo-SimonVanRanst-scaled-1-877x1024.jpg\" class=\"attachment-large size-large masonry-item masonry-item-1\" alt=\"\" srcset=\"https:\/\/dev2.polycor.com\/wp-content\/uploads\/2024\/07\/04-Banque-CERA-HQ-pierre-de-comblanchien-ROCAMAT-Photo-SimonVanRanst-scaled-1-877x1024.jpg 877w, https:\/\/dev2.polycor.com\/wp-content\/uploads\/2024\/07\/04-Banque-CERA-HQ-pierre-de-comblanchien-ROCAMAT-Photo-SimonVanRanst-scaled-1-257x300.jpg 257w, https:\/\/dev2.polycor.com\/wp-content\/uploads\/2024\/07\/04-Banque-CERA-HQ-pierre-de-comblanchien-ROCAMAT-Photo-SimonVanRanst-scaled-1-768x897.jpg 768w, https:\/\/dev2.polycor.com\/wp-content\/uploads\/2024\/07\/04-Banque-CERA-HQ-pierre-de-comblanchien-ROCAMAT-Photo-SimonVanRanst-scaled-1-1315x1536.jpg 1315w, https:\/\/dev2.polycor.com\/wp-content\/uploads\/2024\/07\/04-Banque-CERA-HQ-pierre-de-comblanchien-ROCAMAT-Photo-SimonVanRanst-scaled-1-1754x2048.jpg 1754w, https:\/\/dev2.polycor.com\/wp-content\/uploads\/2024\/07\/04-Banque-CERA-HQ-pierre-de-comblanchien-ROCAMAT-Photo-SimonVanRanst-scaled-1-428x500.jpg 428w, https:\/\/dev2.polycor.com\/wp-content\/uploads\/2024\/07\/04-Banque-CERA-HQ-pierre-de-comblanchien-ROCAMAT-Photo-SimonVanRanst-scaled-1-300x350.jpg 300w\" sizes=\"auto, (max-width: 877px) 100vw, 877px\" \/>\t        <img loading=\"lazy\" decoding=\"async\" width=\"1024\" height=\"653\" src=\"https:\/\/dev2.polycor.com\/wp-content\/uploads\/2024\/07\/Banque-CERA-a-Bruxelles-pierre-Comblanchien-Photographe-Simon-Van-Ranst-2-scaled-1-1024x653.jpg\" class=\"attachment-large size-large masonry-item masonry-item-2\" alt=\"\" srcset=\"https:\/\/dev2.polycor.com\/wp-content\/uploads\/2024\/07\/Banque-CERA-a-Bruxelles-pierre-Comblanchien-Photographe-Simon-Van-Ranst-2-scaled-1-1024x653.jpg 1024w, https:\/\/dev2.polycor.com\/wp-content\/uploads\/2024\/07\/Banque-CERA-a-Bruxelles-pierre-Comblanchien-Photographe-Simon-Van-Ranst-2-scaled-1-300x191.jpg 300w, https:\/\/dev2.polycor.com\/wp-content\/uploads\/2024\/07\/Banque-CERA-a-Bruxelles-pierre-Comblanchien-Photographe-Simon-Van-Ranst-2-scaled-1-1024x653.jpg 768w, https:\/\/dev2.polycor.com\/wp-content\/uploads\/2024\/07\/Banque-CERA-a-Bruxelles-pierre-Comblanchien-Photographe-Simon-Van-Ranst-2-scaled-1-1536x979.jpg 1536w, https:\/\/dev2.polycor.com\/wp-content\/uploads\/2024\/07\/Banque-CERA-a-Bruxelles-pierre-Comblanchien-Photographe-Simon-Van-Ranst-2-scaled-1-2048x1306.jpg 2048w, https:\/\/dev2.polycor.com\/wp-content\/uploads\/2024\/07\/Banque-CERA-a-Bruxelles-pierre-Comblanchien-Photographe-Simon-Van-Ranst-2-scaled-1-1024x653.jpg 600w\" sizes=\"auto, (max-width: 1024px) 100vw, 1024px\" \/>\t        <img loading=\"lazy\" decoding=\"async\" width=\"682\" height=\"1024\" src=\"https:\/\/dev2.polycor.com\/wp-content\/uploads\/2024\/07\/Banque-CERA-a-Bruxelles-pierre-Comblanchien-Photographe-Simon-Van-Ranst-9-scaled-1-682x1024.jpg\" class=\"attachment-large size-large masonry-item masonry-item-3\" alt=\"\" srcset=\"https:\/\/dev2.polycor.com\/wp-content\/uploads\/2024\/07\/Banque-CERA-a-Bruxelles-pierre-Comblanchien-Photographe-Simon-Van-Ranst-9-scaled-1-682x1024.jpg 682w, https:\/\/dev2.polycor.com\/wp-content\/uploads\/2024\/07\/Banque-CERA-a-Bruxelles-pierre-Comblanchien-Photographe-Simon-Van-Ranst-9-scaled-1-200x300.jpg 200w, https:\/\/dev2.polycor.com\/wp-content\/uploads\/2024\/07\/Banque-CERA-a-Bruxelles-pierre-Comblanchien-Photographe-Simon-Van-Ranst-9-scaled-1-768x1153.jpg 768w, https:\/\/dev2.polycor.com\/wp-content\/uploads\/2024\/07\/Banque-CERA-a-Bruxelles-pierre-Comblanchien-Photographe-Simon-Van-Ranst-9-scaled-1-1023x1536.jpg 1023w, https:\/\/dev2.polycor.com\/wp-content\/uploads\/2024\/07\/Banque-CERA-a-Bruxelles-pierre-Comblanchien-Photographe-Simon-Van-Ranst-9-scaled-1-1364x2048.jpg 1364w, https:\/\/dev2.polycor.com\/wp-content\/uploads\/2024\/07\/Banque-CERA-a-Bruxelles-pierre-Comblanchien-Photographe-Simon-Van-Ranst-9-scaled-1-333x500.jpg 333w, https:\/\/dev2.polycor.com\/wp-content\/uploads\/2024\/07\/Banque-CERA-a-Bruxelles-pierre-Comblanchien-Photographe-Simon-Van-Ranst-9-scaled-1-300x450.jpg 300w, https:\/\/dev2.polycor.com\/wp-content\/uploads\/2024\/07\/Banque-CERA-a-Bruxelles-pierre-Comblanchien-Photographe-Simon-Van-Ranst-9-scaled-1.jpg 1599w\" sizes=\"auto, (max-width: 682px) 100vw, 682px\" \/>\t        <img loading=\"lazy\" decoding=\"async\" width=\"683\" height=\"1024\" src=\"https:\/\/dev2.polycor.com\/wp-content\/uploads\/2024\/07\/Banque-CERA-a-Bruxelles-pierre-Comblanchien-Photographe-Simon-Van-Ranst-6-scaled-1-683x1024.jpg\" class=\"attachment-large size-large masonry-item masonry-item-4\" alt=\"\" srcset=\"https:\/\/dev2.polycor.com\/wp-content\/uploads\/2024\/07\/Banque-CERA-a-Bruxelles-pierre-Comblanchien-Photographe-Simon-Van-Ranst-6-scaled-1-683x1024.jpg 683w, https:\/\/dev2.polycor.com\/wp-content\/uploads\/2024\/07\/Banque-CERA-a-Bruxelles-pierre-Comblanchien-Photographe-Simon-Van-Ranst-6-scaled-1-200x300.jpg 200w, https:\/\/dev2.polycor.com\/wp-content\/uploads\/2024\/07\/Banque-CERA-a-Bruxelles-pierre-Comblanchien-Photographe-Simon-Van-Ranst-6-scaled-1-1024x1536.jpg 768w, https:\/\/dev2.polycor.com\/wp-content\/uploads\/2024\/07\/Banque-CERA-a-Bruxelles-pierre-Comblanchien-Photographe-Simon-Van-Ranst-6-scaled-1-1024x1536.jpg 1024w, https:\/\/dev2.polycor.com\/wp-content\/uploads\/2024\/07\/Banque-CERA-a-Bruxelles-pierre-Comblanchien-Photographe-Simon-Van-Ranst-6-scaled-1-1365x2048.jpg 1365w, https:\/\/dev2.polycor.com\/wp-content\/uploads\/2024\/07\/Banque-CERA-a-Bruxelles-pierre-Comblanchien-Photographe-Simon-Van-Ranst-6-scaled-1-333x500.jpg 333w, https:\/\/dev2.polycor.com\/wp-content\/uploads\/2024\/07\/Banque-CERA-a-Bruxelles-pierre-Comblanchien-Photographe-Simon-Van-Ranst-6-scaled-1-300x450.jpg 300w, https:\/\/dev2.polycor.com\/wp-content\/uploads\/2024\/07\/Banque-CERA-a-Bruxelles-pierre-Comblanchien-Photographe-Simon-Van-Ranst-6-scaled-1.jpg 1600w, https:\/\/dev2.polycor.com\/wp-content\/uploads\/2024\/07\/Banque-CERA-a-Bruxelles-pierre-Comblanchien-Photographe-Simon-Van-Ranst-6-scaled-1-1024x1536.jpg\" sizes=\"auto, (max-width: 683px) 100vw, 683px\" \/>\t                <\/div>\r\n            <div class=\"if-blocks-masonry-gallery-group\">\r\n\t        <img loading=\"lazy\" decoding=\"async\" width=\"1024\" height=\"683\" src=\"https:\/\/dev2.polycor.com\/wp-content\/uploads\/2024\/07\/Banque-CERA-a-Bruxelles-pierre-Comblanchien-Photographe-Simon-Van-Ranst-8-scaled-1-1024x683.jpg\" class=\"attachment-large size-large masonry-item masonry-item-1\" alt=\"\" srcset=\"https:\/\/dev2.polycor.com\/wp-content\/uploads\/2024\/07\/Banque-CERA-a-Bruxelles-pierre-Comblanchien-Photographe-Simon-Van-Ranst-8-scaled-1-1024x683.jpg 1024w, https:\/\/dev2.polycor.com\/wp-content\/uploads\/2024\/07\/Banque-CERA-a-Bruxelles-pierre-Comblanchien-Photographe-Simon-Van-Ranst-8-scaled-1-300x200.jpg 300w, https:\/\/dev2.polycor.com\/wp-content\/uploads\/2024\/07\/Banque-CERA-a-Bruxelles-pierre-Comblanchien-Photographe-Simon-Van-Ranst-8-scaled-1-1024x683.jpg 768w, https:\/\/dev2.polycor.com\/wp-content\/uploads\/2024\/07\/Banque-CERA-a-Bruxelles-pierre-Comblanchien-Photographe-Simon-Van-Ranst-8-scaled-1-1536x1024.jpg 1536w, https:\/\/dev2.polycor.com\/wp-content\/uploads\/2024\/07\/Banque-CERA-a-Bruxelles-pierre-Comblanchien-Photographe-Simon-Van-Ranst-8-scaled-1-2048x1365.jpg 2048w, https:\/\/dev2.polycor.com\/wp-content\/uploads\/2024\/07\/Banque-CERA-a-Bruxelles-pierre-Comblanchien-Photographe-Simon-Van-Ranst-8-scaled-1-1024x683.jpg 600w\" sizes=\"auto, (max-width: 1024px) 100vw, 1024px\" \/>\t        <img loading=\"lazy\" decoding=\"async\" width=\"682\" height=\"1024\" src=\"https:\/\/dev2.polycor.com\/wp-content\/uploads\/2024\/07\/Banque-CERA-a-Bruxelles-pierre-Comblanchien-Photographe-Simon-Van-Ranst-7-scaled-1-682x1024.jpg\" class=\"attachment-large size-large masonry-item masonry-item-2\" alt=\"\" srcset=\"https:\/\/dev2.polycor.com\/wp-content\/uploads\/2024\/07\/Banque-CERA-a-Bruxelles-pierre-Comblanchien-Photographe-Simon-Van-Ranst-7-scaled-1-682x1024.jpg 682w, https:\/\/dev2.polycor.com\/wp-content\/uploads\/2024\/07\/Banque-CERA-a-Bruxelles-pierre-Comblanchien-Photographe-Simon-Van-Ranst-7-scaled-1-200x300.jpg 200w, https:\/\/dev2.polycor.com\/wp-content\/uploads\/2024\/07\/Banque-CERA-a-Bruxelles-pierre-Comblanchien-Photographe-Simon-Van-Ranst-7-scaled-1-768x1153.jpg 768w, https:\/\/dev2.polycor.com\/wp-content\/uploads\/2024\/07\/Banque-CERA-a-Bruxelles-pierre-Comblanchien-Photographe-Simon-Van-Ranst-7-scaled-1-1023x1536.jpg 1023w, https:\/\/dev2.polycor.com\/wp-content\/uploads\/2024\/07\/Banque-CERA-a-Bruxelles-pierre-Comblanchien-Photographe-Simon-Van-Ranst-7-scaled-1-1364x2048.jpg 1364w, https:\/\/dev2.polycor.com\/wp-content\/uploads\/2024\/07\/Banque-CERA-a-Bruxelles-pierre-Comblanchien-Photographe-Simon-Van-Ranst-7-scaled-1-333x500.jpg 333w, https:\/\/dev2.polycor.com\/wp-content\/uploads\/2024\/07\/Banque-CERA-a-Bruxelles-pierre-Comblanchien-Photographe-Simon-Van-Ranst-7-scaled-1-300x450.jpg 300w, https:\/\/dev2.polycor.com\/wp-content\/uploads\/2024\/07\/Banque-CERA-a-Bruxelles-pierre-Comblanchien-Photographe-Simon-Van-Ranst-7-scaled-1.jpg 1599w\" sizes=\"auto, (max-width: 682px) 100vw, 682px\" \/>\t        <img loading=\"lazy\" decoding=\"async\" width=\"1024\" height=\"683\" src=\"https:\/\/dev2.polycor.com\/wp-content\/uploads\/2024\/07\/05-Banque-CERA-HQ-pierre-de-comblanchien-ROCAMAT-Photo-SimonVanRanst-scaled-1-1024x683.jpg\" class=\"attachment-large size-large masonry-item masonry-item-3\" alt=\"\" srcset=\"https:\/\/dev2.polycor.com\/wp-content\/uploads\/2024\/07\/05-Banque-CERA-HQ-pierre-de-comblanchien-ROCAMAT-Photo-SimonVanRanst-scaled-1-1024x683.jpg 1024w, https:\/\/dev2.polycor.com\/wp-content\/uploads\/2024\/07\/05-Banque-CERA-HQ-pierre-de-comblanchien-ROCAMAT-Photo-SimonVanRanst-scaled-1-300x200.jpg 300w, https:\/\/dev2.polycor.com\/wp-content\/uploads\/2024\/07\/05-Banque-CERA-HQ-pierre-de-comblanchien-ROCAMAT-Photo-SimonVanRanst-scaled-1-1024x683.jpg 768w, https:\/\/dev2.polycor.com\/wp-content\/uploads\/2024\/07\/05-Banque-CERA-HQ-pierre-de-comblanchien-ROCAMAT-Photo-SimonVanRanst-scaled-1-1536x1024.jpg 1536w, https:\/\/dev2.polycor.com\/wp-content\/uploads\/2024\/07\/05-Banque-CERA-HQ-pierre-de-comblanchien-ROCAMAT-Photo-SimonVanRanst-scaled-1-2048x1365.jpg 2048w, https:\/\/dev2.polycor.com\/wp-content\/uploads\/2024\/07\/05-Banque-CERA-HQ-pierre-de-comblanchien-ROCAMAT-Photo-SimonVanRanst-scaled-1-1024x683.jpg 600w\" sizes=\"auto, (max-width: 1024px) 100vw, 1024px\" \/>\t        <img loading=\"lazy\" decoding=\"async\" width=\"1024\" height=\"683\" src=\"https:\/\/dev2.polycor.com\/wp-content\/uploads\/2024\/07\/Banque-CERA-a-Bruxelles-pierre-Comblanchien-Photographe-Simon-Van-Ranst-10-scaled-1-1024x683.jpg\" class=\"attachment-large size-large masonry-item masonry-item-4\" alt=\"\" srcset=\"https:\/\/dev2.polycor.com\/wp-content\/uploads\/2024\/07\/Banque-CERA-a-Bruxelles-pierre-Comblanchien-Photographe-Simon-Van-Ranst-10-scaled-1-1024x683.jpg 1024w, https:\/\/dev2.polycor.com\/wp-content\/uploads\/2024\/07\/Banque-CERA-a-Bruxelles-pierre-Comblanchien-Photographe-Simon-Van-Ranst-10-scaled-1-300x200.jpg 300w, https:\/\/dev2.polycor.com\/wp-content\/uploads\/2024\/07\/Banque-CERA-a-Bruxelles-pierre-Comblanchien-Photographe-Simon-Van-Ranst-10-scaled-1-1024x683.jpg 768w, https:\/\/dev2.polycor.com\/wp-content\/uploads\/2024\/07\/Banque-CERA-a-Bruxelles-pierre-Comblanchien-Photographe-Simon-Van-Ranst-10-scaled-1-1536x1024.jpg 1536w, https:\/\/dev2.polycor.com\/wp-content\/uploads\/2024\/07\/Banque-CERA-a-Bruxelles-pierre-Comblanchien-Photographe-Simon-Van-Ranst-10-scaled-1-2048x1365.jpg 2048w, https:\/\/dev2.polycor.com\/wp-content\/uploads\/2024\/07\/Banque-CERA-a-Bruxelles-pierre-Comblanchien-Photographe-Simon-Van-Ranst-10-scaled-1-1024x683.jpg 600w\" sizes=\"auto, (max-width: 1024px) 100vw, 1024px\" \/>\t                <\/div>\r\n            <div class=\"if-blocks-masonry-gallery-group\">\r\n\t        <img loading=\"lazy\" decoding=\"async\" width=\"682\" height=\"1024\" src=\"https:\/\/dev2.polycor.com\/wp-content\/uploads\/2024\/07\/Banque-CERA-a-Bruxelles-pierre-Comblanchien-Photographe-Simon-Van-Ranst-1-scaled-1-682x1024.jpg\" class=\"attachment-large size-large masonry-item masonry-item-1\" alt=\"\" srcset=\"https:\/\/dev2.polycor.com\/wp-content\/uploads\/2024\/07\/Banque-CERA-a-Bruxelles-pierre-Comblanchien-Photographe-Simon-Van-Ranst-1-scaled-1-682x1024.jpg 682w, https:\/\/dev2.polycor.com\/wp-content\/uploads\/2024\/07\/Banque-CERA-a-Bruxelles-pierre-Comblanchien-Photographe-Simon-Van-Ranst-1-scaled-1-200x300.jpg 200w, https:\/\/dev2.polycor.com\/wp-content\/uploads\/2024\/07\/Banque-CERA-a-Bruxelles-pierre-Comblanchien-Photographe-Simon-Van-Ranst-1-scaled-1-768x1153.jpg 768w, https:\/\/dev2.polycor.com\/wp-content\/uploads\/2024\/07\/Banque-CERA-a-Bruxelles-pierre-Comblanchien-Photographe-Simon-Van-Ranst-1-scaled-1-1023x1536.jpg 1023w, https:\/\/dev2.polycor.com\/wp-content\/uploads\/2024\/07\/Banque-CERA-a-Bruxelles-pierre-Comblanchien-Photographe-Simon-Van-Ranst-1-scaled-1-1364x2048.jpg 1364w, https:\/\/dev2.polycor.com\/wp-content\/uploads\/2024\/07\/Banque-CERA-a-Bruxelles-pierre-Comblanchien-Photographe-Simon-Van-Ranst-1-scaled-1-333x500.jpg 333w, https:\/\/dev2.polycor.com\/wp-content\/uploads\/2024\/07\/Banque-CERA-a-Bruxelles-pierre-Comblanchien-Photographe-Simon-Van-Ranst-1-scaled-1-300x450.jpg 300w, https:\/\/dev2.polycor.com\/wp-content\/uploads\/2024\/07\/Banque-CERA-a-Bruxelles-pierre-Comblanchien-Photographe-Simon-Van-Ranst-1-scaled-1.jpg 1599w\" sizes=\"auto, (max-width: 682px) 100vw, 682px\" \/>\t        <img loading=\"lazy\" decoding=\"async\" width=\"683\" height=\"1024\" src=\"https:\/\/dev2.polycor.com\/wp-content\/uploads\/2024\/07\/Banque-CERA-a-Bruxelles-pierre-Comblanchien-Photographe-Simon-Van-Ranst-4-scaled-1-683x1024.jpg\" class=\"attachment-large size-large masonry-item masonry-item-1\" alt=\"\" srcset=\"https:\/\/dev2.polycor.com\/wp-content\/uploads\/2024\/07\/Banque-CERA-a-Bruxelles-pierre-Comblanchien-Photographe-Simon-Van-Ranst-4-scaled-1-683x1024.jpg 683w, https:\/\/dev2.polycor.com\/wp-content\/uploads\/2024\/07\/Banque-CERA-a-Bruxelles-pierre-Comblanchien-Photographe-Simon-Van-Ranst-4-scaled-1-200x300.jpg 200w, https:\/\/dev2.polycor.com\/wp-content\/uploads\/2024\/07\/Banque-CERA-a-Bruxelles-pierre-Comblanchien-Photographe-Simon-Van-Ranst-4-scaled-1-1024x1536.jpg 768w, https:\/\/dev2.polycor.com\/wp-content\/uploads\/2024\/07\/Banque-CERA-a-Bruxelles-pierre-Comblanchien-Photographe-Simon-Van-Ranst-4-scaled-1-1024x1536.jpg 1024w, https:\/\/dev2.polycor.com\/wp-content\/uploads\/2024\/07\/Banque-CERA-a-Bruxelles-pierre-Comblanchien-Photographe-Simon-Van-Ranst-4-scaled-1-1365x2048.jpg 1365w, https:\/\/dev2.polycor.com\/wp-content\/uploads\/2024\/07\/Banque-CERA-a-Bruxelles-pierre-Comblanchien-Photographe-Simon-Van-Ranst-4-scaled-1-333x500.jpg 333w, https:\/\/dev2.polycor.com\/wp-content\/uploads\/2024\/07\/Banque-CERA-a-Bruxelles-pierre-Comblanchien-Photographe-Simon-Van-Ranst-4-scaled-1-300x450.jpg 300w, https:\/\/dev2.polycor.com\/wp-content\/uploads\/2024\/07\/Banque-CERA-a-Bruxelles-pierre-Comblanchien-Photographe-Simon-Van-Ranst-4-scaled-1.jpg 1600w, https:\/\/dev2.polycor.com\/wp-content\/uploads\/2024\/07\/Banque-CERA-a-Bruxelles-pierre-Comblanchien-Photographe-Simon-Van-Ranst-4-scaled-1-1024x1536.jpg\" sizes=\"auto, (max-width: 683px) 100vw, 683px\" \/>\t                <\/div>\r\n    <\/div>\r\n<script>\r\n\r\n<\/script>\r\n\n\n\n<p><em>Cr\u00e9dits photos<br>@ Robbrecht and Daem Architects<\/em><\/p>\n\n\n\n<div style=\"height:50px\" aria-hidden=\"true\" class=\"wp-block-spacer\"><\/div>\n\n\n<div class='if-dynamic-cta-block-wrapper' data-cta=''>\n<div class=\"wp-block-cover alignfull\"><span aria-hidden=\"true\" class=\"wp-block-cover__background has-background-dim-100 has-background-dim has-background-gradient has-black-max-30-opacity-gradient-background\"><\/span><img loading=\"lazy\" decoding=\"async\" width=\"2400\" height=\"1530\" src=\"https:\/\/dev2.polycor.com\/wp-content\/uploads\/2024\/07\/Banque-CERA-a-Bruxelles-pierre-Comblanchien-Photographe-Simon-Van-Ranst-2-scaled-2.jpg\" class=\"wp-block-cover__image-background wp-post-image\" alt=\"\" data-object-fit=\"cover\" srcset=\"https:\/\/dev2.polycor.com\/wp-content\/uploads\/2024\/07\/Banque-CERA-a-Bruxelles-pierre-Comblanchien-Photographe-Simon-Van-Ranst-2-scaled-2.jpg 2400w, https:\/\/dev2.polycor.com\/wp-content\/uploads\/2024\/07\/Banque-CERA-a-Bruxelles-pierre-Comblanchien-Photographe-Simon-Van-Ranst-2-scaled-2-300x191.jpg 300w, https:\/\/dev2.polycor.com\/wp-content\/uploads\/2024\/07\/Banque-CERA-a-Bruxelles-pierre-Comblanchien-Photographe-Simon-Van-Ranst-2-scaled-2-1024x653.jpg 1024w, https:\/\/dev2.polycor.com\/wp-content\/uploads\/2024\/07\/Banque-CERA-a-Bruxelles-pierre-Comblanchien-Photographe-Simon-Van-Ranst-2-scaled-2-1024x653.jpg 768w, https:\/\/dev2.polycor.com\/wp-content\/uploads\/2024\/07\/Banque-CERA-a-Bruxelles-pierre-Comblanchien-Photographe-Simon-Van-Ranst-2-scaled-2-1536x979.jpg 1536w, https:\/\/dev2.polycor.com\/wp-content\/uploads\/2024\/07\/Banque-CERA-a-Bruxelles-pierre-Comblanchien-Photographe-Simon-Van-Ranst-2-scaled-2-2048x1306.jpg 2048w, https:\/\/dev2.polycor.com\/wp-content\/uploads\/2024\/07\/Banque-CERA-a-Bruxelles-pierre-Comblanchien-Photographe-Simon-Van-Ranst-2-scaled-2-1024x653.jpg 600w\" sizes=\"auto, (max-width: 2400px) 100vw, 2400px\" \/><div class=\"wp-block-cover__inner-container is-layout-flow wp-block-cover-is-layout-flow\">\n<h4 class=\"wp-block-heading has-text-align-center is-style-subtitle-uppercase has-theme-palette-5-color has-text-color\">Pierre durable<\/h4>\n\n\n\n<h1 class=\"wp-block-heading has-text-align-center\">Ressources \u00e0 propos de la pierre <br>naturelle et la durabilit\u00e9<\/h1>\n\n\n\n<hr class=\"wp-block-separator has-text-color has-theme-palette-5-color has-alpha-channel-opacity has-theme-palette-5-background-color has-background is-style-yellow-line-horizontal\"\/>\n\n\n\n<div class=\"wp-block-buttons is-content-justification-center is-layout-flex wp-container-core-buttons-is-layout-16018d1d wp-block-buttons-is-layout-flex\">\n<div class=\"wp-block-button is-style-fill\"><a class=\"wp-block-button__link has-theme-palette-5-background-color has-background wp-element-button\" href=\"\/fr\/fdes-edp\/\">Voir les ressources<\/a><\/div>\n<\/div>\n<\/div><\/div>\n<\/div>","protected":false},"excerpt":{"rendered":"<p>\u00c0 Louvain, en Belgique, les architectes de Robbrecht en Daem architecten et d\u2019Archipelago architects ont con\u00e7u un b\u00e2timent accueillant le si\u00e8ge social de Cera, coop\u00e9rative financi\u00e8re, ainsi que sa collection d\u2019art contemporain. Le mat\u00e9riau principal utilis\u00e9 pour les surfaces est la pierre de&nbsp;Rocherons. Ce calcaire naturel, commercialis\u00e9 par Polycor, a \u00e9t\u00e9 trait\u00e9 soigneusement, la finition&#8230;<\/p>\n","protected":false},"author":8,"featured_media":68041,"menu_order":0,"template":"","meta":{"_acf_changed":false,"content-type":"","_kad_blocks_custom_css":"","_kad_blocks_head_custom_js":"","_kad_blocks_body_custom_js":"","_kad_blocks_footer_custom_js":"","_kad_post_transparent":"","_kad_post_title":"","_kad_post_layout":"","_kad_post_sidebar_id":"","_kad_post_content_style":"","_kad_post_vertical_padding":"","_kad_post_feature":"","_kad_post_feature_position":"","_kad_post_header":false,"_kad_post_footer":false,"_kad_post_classname":"","footnotes":""},"hidden_items":[],"materials":[],"project-categories":[],"project-tags":[2149],"sites":[],"stone-finishes":[],"stone_tags":[2089],"product-tax":[],"application-tax":[],"class_list":["post-68010","projects","type-projects","status-publish","has-post-thumbnail","hentry","project-tags-tertiaire","stone_tags-pierre-de-rocherons-dore-clair"],"acf":[],"yoast_head":"<!-- This site is optimized with the Yoast SEO plugin v27.2 - https:\/\/yoast.com\/product\/yoast-seo-wordpress\/ -->\n<title>Si\u00e8ge social CERA - Polycor Inc.<\/title>\n<meta name=\"robots\" content=\"noindex, follow, max-snippet:-1, max-image-preview:large, max-video-preview:-1\" \/>\n<meta property=\"og:locale\" content=\"fr_FR\" \/>\n<meta property=\"og:type\" content=\"article\" \/>\n<meta property=\"og:title\" content=\"Si\u00e8ge social CERA - Polycor Inc.\" \/>\n<meta property=\"og:description\" content=\"\u00c0 Louvain, en Belgique, les architectes de Robbrecht en Daem architecten et d\u2019Archipelago architects ont con\u00e7u un b\u00e2timent accueillant le si\u00e8ge social de Cera, coop\u00e9rative financi\u00e8re, ainsi que sa collection d\u2019art contemporain. Le mat\u00e9riau principal utilis\u00e9 pour les surfaces est la pierre de&nbsp;Rocherons. Ce calcaire naturel, commercialis\u00e9 par Polycor, a \u00e9t\u00e9 trait\u00e9 soigneusement, la finition...\" \/>\n<meta property=\"og:url\" content=\"https:\/\/dev2.polycor.com\/fr\/projets-fr\/siege-social-cera\/\" \/>\n<meta property=\"og:site_name\" content=\"Polycor Inc.\" \/>\n<meta property=\"article:modified_time\" content=\"2024-11-15T17:41:20+00:00\" \/>\n<meta property=\"og:image\" content=\"https:\/\/dev2.polycor.com\/wp-content\/uploads\/2024\/07\/Banque-CERA-a-Bruxelles-pierre-Comblanchien-Photographe-Simon-Van-Ranst-2-scaled-2.jpg\" \/>\n\t<meta property=\"og:image:width\" content=\"2400\" \/>\n\t<meta property=\"og:image:height\" content=\"1530\" \/>\n\t<meta property=\"og:image:type\" content=\"image\/jpeg\" \/>\n<meta name=\"twitter:card\" content=\"summary_large_image\" \/>\n<meta name=\"twitter:label1\" content=\"Dur\u00e9e de lecture estim\u00e9e\" \/>\n\t<meta name=\"twitter:data1\" content=\"1 minute\" \/>\n<script type=\"application\/ld+json\" class=\"yoast-schema-graph\">{\"@context\":\"https:\/\/schema.org\",\"@graph\":[{\"@type\":\"WebPage\",\"@id\":\"https:\/\/dev2.polycor.com\/fr\/projets-fr\/siege-social-cera\/\",\"url\":\"https:\/\/dev2.polycor.com\/fr\/projets-fr\/siege-social-cera\/\",\"name\":\"Si\u00e8ge social CERA - Polycor Inc.\",\"isPartOf\":{\"@id\":\"https:\/\/dev2.polycor.com\/fr\/#website\"},\"primaryImageOfPage\":{\"@id\":\"https:\/\/dev2.polycor.com\/fr\/projets-fr\/siege-social-cera\/#primaryimage\"},\"image\":{\"@id\":\"https:\/\/dev2.polycor.com\/fr\/projets-fr\/siege-social-cera\/#primaryimage\"},\"thumbnailUrl\":\"https:\/\/dev2.polycor.com\/wp-content\/uploads\/2024\/07\/Banque-CERA-a-Bruxelles-pierre-Comblanchien-Photographe-Simon-Van-Ranst-2-scaled-2.jpg\",\"datePublished\":\"2024-07-25T15:00:09+00:00\",\"dateModified\":\"2024-11-15T17:41:20+00:00\",\"breadcrumb\":{\"@id\":\"https:\/\/dev2.polycor.com\/fr\/projets-fr\/siege-social-cera\/#breadcrumb\"},\"inLanguage\":\"fr-FR\",\"potentialAction\":[{\"@type\":\"ReadAction\",\"target\":[\"https:\/\/dev2.polycor.com\/fr\/projets-fr\/siege-social-cera\/\"]}]},{\"@type\":\"ImageObject\",\"inLanguage\":\"fr-FR\",\"@id\":\"https:\/\/dev2.polycor.com\/fr\/projets-fr\/siege-social-cera\/#primaryimage\",\"url\":\"https:\/\/dev2.polycor.com\/wp-content\/uploads\/2024\/07\/Banque-CERA-a-Bruxelles-pierre-Comblanchien-Photographe-Simon-Van-Ranst-2-scaled-2.jpg\",\"contentUrl\":\"https:\/\/dev2.polycor.com\/wp-content\/uploads\/2024\/07\/Banque-CERA-a-Bruxelles-pierre-Comblanchien-Photographe-Simon-Van-Ranst-2-scaled-2.jpg\",\"width\":2400,\"height\":1530},{\"@type\":\"BreadcrumbList\",\"@id\":\"https:\/\/dev2.polycor.com\/fr\/projets-fr\/siege-social-cera\/#breadcrumb\",\"itemListElement\":[{\"@type\":\"ListItem\",\"position\":1,\"name\":\"Home\",\"item\":\"https:\/\/dev2.polycor.com\/fr\/\"},{\"@type\":\"ListItem\",\"position\":2,\"name\":\"Si\u00e8ge social CERA\"}]},{\"@type\":\"WebSite\",\"@id\":\"https:\/\/dev2.polycor.com\/fr\/#website\",\"url\":\"https:\/\/dev2.polycor.com\/fr\/\",\"name\":\"Polycor Inc.\",\"description\":\"The Largest Portfolio of Natural Stone in North America\",\"publisher\":{\"@id\":\"https:\/\/dev2.polycor.com\/fr\/#organization\"},\"potentialAction\":[{\"@type\":\"SearchAction\",\"target\":{\"@type\":\"EntryPoint\",\"urlTemplate\":\"https:\/\/dev2.polycor.com\/fr\/?s={search_term_string}\"},\"query-input\":{\"@type\":\"PropertyValueSpecification\",\"valueRequired\":true,\"valueName\":\"search_term_string\"}}],\"inLanguage\":\"fr-FR\"},{\"@type\":\"Organization\",\"@id\":\"https:\/\/dev2.polycor.com\/fr\/#organization\",\"name\":\"Polycor Inc.\",\"url\":\"https:\/\/dev2.polycor.com\/fr\/\",\"logo\":{\"@type\":\"ImageObject\",\"inLanguage\":\"fr-FR\",\"@id\":\"https:\/\/dev2.polycor.com\/fr\/#\/schema\/logo\/image\/\",\"url\":\"https:\/\/dev2.polycor.com\/wp-content\/uploads\/2023\/05\/pol-logo-fr.svg\",\"contentUrl\":\"https:\/\/dev2.polycor.com\/wp-content\/uploads\/2023\/05\/pol-logo-fr.svg\",\"width\":758,\"height\":148,\"caption\":\"Polycor Inc.\"},\"image\":{\"@id\":\"https:\/\/dev2.polycor.com\/fr\/#\/schema\/logo\/image\/\"}}]}<\/script>\n<!-- \/ Yoast SEO plugin. -->","yoast_head_json":{"title":"Si\u00e8ge social CERA - Polycor Inc.","robots":{"index":"noindex","follow":"follow","max-snippet":"max-snippet:-1","max-image-preview":"max-image-preview:large","max-video-preview":"max-video-preview:-1"},"og_locale":"fr_FR","og_type":"article","og_title":"Si\u00e8ge social CERA - Polycor Inc.","og_description":"\u00c0 Louvain, en Belgique, les architectes de Robbrecht en Daem architecten et d\u2019Archipelago architects ont con\u00e7u un b\u00e2timent accueillant le si\u00e8ge social de Cera, coop\u00e9rative financi\u00e8re, ainsi que sa collection d\u2019art contemporain. Le mat\u00e9riau principal utilis\u00e9 pour les surfaces est la pierre de&nbsp;Rocherons. Ce calcaire naturel, commercialis\u00e9 par Polycor, a \u00e9t\u00e9 trait\u00e9 soigneusement, la finition...","og_url":"https:\/\/dev2.polycor.com\/fr\/projets-fr\/siege-social-cera\/","og_site_name":"Polycor Inc.","article_modified_time":"2024-11-15T17:41:20+00:00","og_image":[{"width":2400,"height":1530,"url":"https:\/\/dev2.polycor.com\/wp-content\/uploads\/2024\/07\/Banque-CERA-a-Bruxelles-pierre-Comblanchien-Photographe-Simon-Van-Ranst-2-scaled-2.jpg","type":"image\/jpeg"}],"twitter_card":"summary_large_image","twitter_misc":{"Dur\u00e9e de lecture estim\u00e9e":"1 minute"},"schema":{"@context":"https:\/\/schema.org","@graph":[{"@type":"WebPage","@id":"https:\/\/dev2.polycor.com\/fr\/projets-fr\/siege-social-cera\/","url":"https:\/\/dev2.polycor.com\/fr\/projets-fr\/siege-social-cera\/","name":"Si\u00e8ge social CERA - Polycor Inc.","isPartOf":{"@id":"https:\/\/dev2.polycor.com\/fr\/#website"},"primaryImageOfPage":{"@id":"https:\/\/dev2.polycor.com\/fr\/projets-fr\/siege-social-cera\/#primaryimage"},"image":{"@id":"https:\/\/dev2.polycor.com\/fr\/projets-fr\/siege-social-cera\/#primaryimage"},"thumbnailUrl":"https:\/\/dev2.polycor.com\/wp-content\/uploads\/2024\/07\/Banque-CERA-a-Bruxelles-pierre-Comblanchien-Photographe-Simon-Van-Ranst-2-scaled-2.jpg","datePublished":"2024-07-25T15:00:09+00:00","dateModified":"2024-11-15T17:41:20+00:00","breadcrumb":{"@id":"https:\/\/dev2.polycor.com\/fr\/projets-fr\/siege-social-cera\/#breadcrumb"},"inLanguage":"fr-FR","potentialAction":[{"@type":"ReadAction","target":["https:\/\/dev2.polycor.com\/fr\/projets-fr\/siege-social-cera\/"]}]},{"@type":"ImageObject","inLanguage":"fr-FR","@id":"https:\/\/dev2.polycor.com\/fr\/projets-fr\/siege-social-cera\/#primaryimage","url":"https:\/\/dev2.polycor.com\/wp-content\/uploads\/2024\/07\/Banque-CERA-a-Bruxelles-pierre-Comblanchien-Photographe-Simon-Van-Ranst-2-scaled-2.jpg","contentUrl":"https:\/\/dev2.polycor.com\/wp-content\/uploads\/2024\/07\/Banque-CERA-a-Bruxelles-pierre-Comblanchien-Photographe-Simon-Van-Ranst-2-scaled-2.jpg","width":2400,"height":1530},{"@type":"BreadcrumbList","@id":"https:\/\/dev2.polycor.com\/fr\/projets-fr\/siege-social-cera\/#breadcrumb","itemListElement":[{"@type":"ListItem","position":1,"name":"Home","item":"https:\/\/dev2.polycor.com\/fr\/"},{"@type":"ListItem","position":2,"name":"Si\u00e8ge social CERA"}]},{"@type":"WebSite","@id":"https:\/\/dev2.polycor.com\/fr\/#website","url":"https:\/\/dev2.polycor.com\/fr\/","name":"Polycor Inc.","description":"The Largest Portfolio of Natural Stone in North America","publisher":{"@id":"https:\/\/dev2.polycor.com\/fr\/#organization"},"potentialAction":[{"@type":"SearchAction","target":{"@type":"EntryPoint","urlTemplate":"https:\/\/dev2.polycor.com\/fr\/?s={search_term_string}"},"query-input":{"@type":"PropertyValueSpecification","valueRequired":true,"valueName":"search_term_string"}}],"inLanguage":"fr-FR"},{"@type":"Organization","@id":"https:\/\/dev2.polycor.com\/fr\/#organization","name":"Polycor Inc.","url":"https:\/\/dev2.polycor.com\/fr\/","logo":{"@type":"ImageObject","inLanguage":"fr-FR","@id":"https:\/\/dev2.polycor.com\/fr\/#\/schema\/logo\/image\/","url":"https:\/\/dev2.polycor.com\/wp-content\/uploads\/2023\/05\/pol-logo-fr.svg","contentUrl":"https:\/\/dev2.polycor.com\/wp-content\/uploads\/2023\/05\/pol-logo-fr.svg","width":758,"height":148,"caption":"Polycor Inc."},"image":{"@id":"https:\/\/dev2.polycor.com\/fr\/#\/schema\/logo\/image\/"}}]}},"taxonomy_info":{"project-tags":[{"value":2149,"label":"Tertiaire"}],"stone_tags":[{"value":2089,"label":"Rocherons Dor\u00e9 Clair"}]},"featured_image_src_large":["https:\/\/dev2.polycor.com\/wp-content\/uploads\/2024\/07\/Banque-CERA-a-Bruxelles-pierre-Comblanchien-Photographe-Simon-Van-Ranst-2-scaled-2-1024x653.jpg",1024,653,true],"author_info":{"display_name":"Nathan","author_link":"https:\/\/dev2.polycor.com\/fr\/blog\/author\/nathanb\/"},"comment_info":"","_links":{"self":[{"href":"https:\/\/dev2.polycor.com\/fr\/wp-json\/wp\/v2\/projects\/68010","targetHints":{"allow":["GET"]}}],"collection":[{"href":"https:\/\/dev2.polycor.com\/fr\/wp-json\/wp\/v2\/projects"}],"about":[{"href":"https:\/\/dev2.polycor.com\/fr\/wp-json\/wp\/v2\/types\/projects"}],"author":[{"embeddable":true,"href":"https:\/\/dev2.polycor.com\/fr\/wp-json\/wp\/v2\/users\/8"}],"version-history":[{"count":4,"href":"https:\/\/dev2.polycor.com\/fr\/wp-json\/wp\/v2\/projects\/68010\/revisions"}],"predecessor-version":[{"id":76181,"href":"https:\/\/dev2.polycor.com\/fr\/wp-json\/wp\/v2\/projects\/68010\/revisions\/76181"}],"wp:featuredmedia":[{"embeddable":true,"href":"https:\/\/dev2.polycor.com\/fr\/wp-json\/wp\/v2\/media\/68041"}],"wp:attachment":[{"href":"https:\/\/dev2.polycor.com\/fr\/wp-json\/wp\/v2\/media?parent=68010"}],"wp:term":[{"taxonomy":"hidden_items","embeddable":true,"href":"https:\/\/dev2.polycor.com\/fr\/wp-json\/wp\/v2\/hidden_items?post=68010"},{"taxonomy":"materials","embeddable":true,"href":"https:\/\/dev2.polycor.com\/fr\/wp-json\/wp\/v2\/materials?post=68010"},{"taxonomy":"project-categories","embeddable":true,"href":"https:\/\/dev2.polycor.com\/fr\/wp-json\/wp\/v2\/project-categories?post=68010"},{"taxonomy":"project-tags","embeddable":true,"href":"https:\/\/dev2.polycor.com\/fr\/wp-json\/wp\/v2\/project-tags?post=68010"},{"taxonomy":"sites","embeddable":true,"href":"https:\/\/dev2.polycor.com\/fr\/wp-json\/wp\/v2\/sites?post=68010"},{"taxonomy":"stone-finishes","embeddable":true,"href":"https:\/\/dev2.polycor.com\/fr\/wp-json\/wp\/v2\/stone-finishes?post=68010"},{"taxonomy":"stone_tags","embeddable":true,"href":"https:\/\/dev2.polycor.com\/fr\/wp-json\/wp\/v2\/stone_tags?post=68010"},{"taxonomy":"product-tax","embeddable":true,"href":"https:\/\/dev2.polycor.com\/fr\/wp-json\/wp\/v2\/product-tax?post=68010"},{"taxonomy":"application-tax","embeddable":true,"href":"https:\/\/dev2.polycor.com\/fr\/wp-json\/wp\/v2\/application-tax?post=68010"}],"curies":[{"name":"wp","href":"https:\/\/api.w.org\/{rel}","templated":true}]}}